{"id":36002,"date":"2025-02-06T12:02:26","date_gmt":"2025-02-06T15:02:26","guid":{"rendered":"https:\/\/www.animativa.com\/?page_id=36002"},"modified":"2025-03-28T10:56:13","modified_gmt":"2025-03-28T13:56:13","slug":"governanca-corporativa","status":"publish","type":"page","link":"https:\/\/www.animativa.com\/pt-br\/governanca-corporativa\/","title":{"rendered":"Governan\u00e7a Corporativa"},"content":{"rendered":"  \n  <section class=\"esg-environment\">\n    <div class=\"esg-environment-hero\" style=\"background-image: url('')\">\n      <img decoding=\"async\" loading=\"lazy\" class=\"grafismo d-none d-md-block\" src=\"https:\/\/www.animativa.com\/wp-content\/themes\/futurebrand\/img\/grafismos\/grafismos-0-environment-esg.svg\" alt=\"Grafismo\">\n      <div class=\"container\">\n        <div class=\"row row--0\">\n          <div class=\"col-12\">\n            <h2 class=\"title\" data-text=\"GOVERNAN\u00c7A CORPORATIVA\" data-text-style=\"gOvernan\u00e7A CorpOrativa\">\n              <span class=\"lowercase\">G<\/span><span class=\"uppercase\">o<\/span><span class=\"lowercase\">vernan\u00e7<\/span><span class=\"uppercase\">a c<\/span><span class=\"lowercase\">orp<\/span><span class=\"uppercase\">o<\/span><span class=\"lowercase\">rativa<\/span>            <\/h2>\n                          <div class=\"text\"><p>A Animativa adota pr\u00e1ticas de Governan\u00e7a Corporativa alinhadas aos princ\u00edpios fundamentais de Integridade, Transpar\u00eancia, Equidade, Responsabiliza\u00e7\u00e3o e Sustentabilidade. Nossa estrutura de governan\u00e7a representada por agentes, \u00f3rg\u00e3os e rela\u00e7\u00f5es entre eles.<\/p>\n<p>Os principais componentes s\u00e3o:<\/p>\n<p>&nbsp;<\/p>\n<p><strong>S\u00f3cios:<\/strong><\/p>\n<p>\u2022 <strong>Assembleias de Acionistas:<\/strong> A Assembleia Geral dos Acionistas \u00e9 o \u00f3rg\u00e3o supremo da Animativa, dentro dos limites legais e estatut\u00e1rios, tendo poderes para decidir os neg\u00f3cios relativos ao objeto da Companhia e tomar as resolu\u00e7\u00f5es necess\u00e1rias ao seu desenvolvimento e defesa e suas delibera\u00e7\u00f5es vinculam a todos, ainda que ausentes ou discordantes.<\/p>\n<p>Realizamos assembleias ordin\u00e1rias e extraordin\u00e1rias em conformidade com a Lei 6.404\/1976 (Lei de Sociedade por A\u00e7\u00f5es) e com nosso Estatuto Social.<\/p>\n<p>\u2022 <strong>Reuni\u00f5es Peri\u00f3dicas:<\/strong> Fortalecemos a rela\u00e7\u00e3o entre a administra\u00e7\u00e3o e os acionistas por meio de encontros regulares.<\/p>\n<p>\u2022 <strong>Portal dos Acionistas:<\/strong> Oferecemos uma plataforma tecnol\u00f3gica projetada para facilitar a comunica\u00e7\u00e3o e gest\u00e3o das informa\u00e7\u00f5es entre a Animativa e seus acionistas. Ela funciona como um canal centralizado, seguro e acess\u00edvel para que os acionistas possam acompanhar o desempenho da empresa e acessar documentos importantes.<\/p>\n<p>&nbsp;<\/p>\n<p><strong>Conselho de Administra\u00e7\u00e3o:<\/strong><\/p>\n<p>\u201cExerce o papel de guardi\u00e3o do prop\u00f3sito, dos valores, do objeto social da organiza\u00e7\u00e3o e de seu sistema de governan\u00e7a. \u00c9 o \u00f3rg\u00e3o colegiado encarregado da defini\u00e7\u00e3o da estrat\u00e9gia corporativa, do acompanhamento de seu cumprimento pela diretoria, e da conex\u00e3o entre a gest\u00e3o executiva e os s\u00f3cios em defesa dos interesses da organiza\u00e7\u00e3o\u201d.<\/p>\n<p>Fonte: C\u00f3digo de Melhores Pr\u00e1ticas de Governan\u00e7a Corporativa \/ Instituto Brasileiro de Governan\u00e7a Corporativa &#8211; 6. ed. &#8211; IBGC. &#8211; S\u00e3o Paulo, SP : IBGC, 2023.<\/p>\n<p>Compete ao Conselho de Administra\u00e7\u00e3o, dentro dos limites da Lei e do Estatuto Social, atendidas as decis\u00f5es ou recomenda\u00e7\u00f5es da Assembleia Geral, o planejamento e normas para as opera\u00e7\u00f5es e servi\u00e7os da Animativa, controlar os resultados, entre outras atribui\u00e7\u00f5es. As reuni\u00f5es ordin\u00e1rias s\u00e3o realizadas mensalmente.<\/p>\n<p>O Conselho de Administra\u00e7\u00e3o \u00e9 composto por 5 (cinco) membros, com t\u00edtulos de presidente do Conselho de Administra\u00e7\u00e3o, Vice-Presidente, conselheiros independentes e 3 (tr\u00eas) Conselheiros Vogais, acionistas, com mandato de tr\u00eas anos.<\/p>\n<p>Ao t\u00e9rmino de cada per\u00edodo, a Assembleia Geral decide pela manuten\u00e7\u00e3o ou renova\u00e7\u00e3o dos membros.<\/p>\n<p>O atual mandato compreende o per\u00edodo de 2022 a 2025.<\/p>\n<p>&nbsp;<\/p>\n<p><strong>Diretoria Executiva:<\/strong> A administra\u00e7\u00e3o operacional da Animativa \u00e9 executada por uma Diretoria Executiva Estatut\u00e1ria, liderada pelo Diretor-Presidente, o qual dever\u00e1 prestar contas ao Conselho de Administra\u00e7\u00e3o. Cabe \u00e0 essa Diretoria exercer a gest\u00e3o dos neg\u00f3cios da Companhia, de acordo com a<\/p>\n<p>miss\u00e3o, os objetivos, as estrat\u00e9gias e diretrizes fixadas pelo Conselho de Administra\u00e7\u00e3o.<\/p>\n<p>&nbsp;<\/p>\n<p><strong>Comit\u00eas de Assessoramento ao Conselho de Administra\u00e7\u00e3o:<\/strong> Os comit\u00eas s\u00e3o criados para apoiar o Conselho de Administra\u00e7\u00e3o em temas espec\u00edficos, sem poder de delibera\u00e7\u00e3o, contribuindo para uma tomada de decis\u00e3o mais assertiva.<\/p>\n<p><strong>Auditorias:<\/strong> Correspondem \u00e0 3\u00aa linha de defesa no gerenciamento de riscos da organiza\u00e7\u00e3o.<\/p>\n<p>&nbsp;<\/p>\n<p><strong>\u00b7 Independente:<\/strong> Em conformidade com as regula\u00e7\u00f5es aplic\u00e1veis, emite opini\u00e3o sobre as demonstra\u00e7\u00f5es financeiras e relat\u00f3rios corporativos, garantindo a adequa\u00e7\u00e3o \u00e0 realidade patrimonial e financeira da organiza\u00e7\u00e3o.<\/p>\n<p><strong>\u00b7 Interna:<\/strong> Reporta-se ao Comit\u00ea de Auditoria e, consequentemente, ao Conselho de Administra\u00e7\u00e3o. Tem como objetivo fortalecer a governan\u00e7a ao aplicar abordagens sistem\u00e1ticas para avaliar e melhorar processos de gest\u00e3o de riscos e controles.<\/p>\n<p>&nbsp;<\/p>\n<p><strong>Compliance e Gest\u00e3o de Riscos Corporativos:<\/strong> Corresponde \u00e0 2\u00aa linha de defesa no gerenciamento de riscos da organiza\u00e7\u00e3o.<\/p>\n<p>Reporta-se aos Comit\u00eas de Risco e de \u00c9tica e Integridade e consequentemente ao Conselho de Administra\u00e7\u00e3o, \u00e9 o guardi\u00e3o do Programa de Compliance que abrange um conjunto de mecanismos e procedimentos, pol\u00edticas, diretrizes, C\u00f3digo de Conduta \u00c9tica, Canal de Den\u00fancias an\u00f4nimo e externo e demais instrumentos com o objetivo de prevenir, detectar e sanar desvios de conduta, fraudes, atos de corrup\u00e7\u00e3o, lavagem de dinheiro, atos il\u00edcitos praticados contra a administra\u00e7\u00e3o p\u00fablica e privada, dentre outras quest\u00f5es. Al\u00e9m disso, o Programa auxilia no alinhamento da atua\u00e7\u00e3o de todos na organiza\u00e7\u00e3o com os princ\u00edpios, valores e prop\u00f3sito dela e promovendo uma cultura de integridade.<\/p>\n<p>O gerenciamento de riscos se d\u00e1 por meio da identifica\u00e7\u00e3o, o controle e a mitiga\u00e7\u00e3o dos fatores de risco relacionados ao neg\u00f3cio.<\/p>\n<p>A gest\u00e3o de riscos est\u00e1 suportada por tr\u00eas linhas de atua\u00e7\u00e3o. A primeira corresponde aos gestores de cada \u00e1rea de neg\u00f3cio; a segunda, \u00e0s fun\u00e7\u00f5es de gest\u00e3o de riscos, controles internos e compliance; e a terceira, \u00e0 auditoria.<\/p>\n<p>&nbsp;<\/p>\n<p><strong>Secretaria de Governan\u00e7a:<\/strong> Com reporte para o Conselho de Administra\u00e7\u00e3o, \u00e9 respons\u00e1vel pelo apoio direto a todas as atividades relacionadas ao funcionamento do sistema de governan\u00e7a.<\/p>\n<p>O papel desempenhado pela Secretaria de Governan\u00e7a na gest\u00e3o adequa o fluxo de informa\u00e7\u00f5es, bem como a integra\u00e7\u00e3o entre as inst\u00e2ncias deliberativa (assembleia geral e conselho de administra\u00e7\u00e3o) e executiva (diretoria estatut\u00e1ria).<\/p>\n<p>Na Animativa, a Governan\u00e7a Corporativa transcende um conjunto de normas e certifica\u00e7\u00f5es. Ela representa um compromisso integrado a todas as rela\u00e7\u00f5es e opera\u00e7\u00f5es da empresa, pautando-se por uma busca cont\u00ednua pelo aperfei\u00e7oamento e pela consolida\u00e7\u00e3o de suas pr\u00e1ticas.<\/p>\n<\/div>\n                      <\/div>\n        <\/div>\n      <\/div>\n    <\/div>\n\n    <div class=\"container\">\n\n      <div class=\"row row--1\">\n              <\/div>\n    <\/div>\n  <\/section>\n\n","protected":false},"excerpt":{"rendered":"","protected":false},"author":12,"featured_media":0,"parent":0,"menu_order":0,"comment_status":"closed","ping_status":"closed","template":"","meta":{"_acf_changed":false,"content-type":"","footnotes":""},"class_list":["post-36002","page","type-page","status-publish","hentry"],"acf":[],"_links":{"self":[{"href":"https:\/\/www.animativa.com\/pt-br\/wp-json\/wp\/v2\/pages\/36002","targetHints":{"allow":["GET"]}}],"collection":[{"href":"https:\/\/www.animativa.com\/pt-br\/wp-json\/wp\/v2\/pages"}],"about":[{"href":"https:\/\/www.animativa.com\/pt-br\/wp-json\/wp\/v2\/types\/page"}],"author":[{"embeddable":true,"href":"https:\/\/www.animativa.com\/pt-br\/wp-json\/wp\/v2\/users\/12"}],"replies":[{"embeddable":true,"href":"https:\/\/www.animativa.com\/pt-br\/wp-json\/wp\/v2\/comments?post=36002"}],"version-history":[{"count":8,"href":"https:\/\/www.animativa.com\/pt-br\/wp-json\/wp\/v2\/pages\/36002\/revisions"}],"predecessor-version":[{"id":36139,"href":"https:\/\/www.animativa.com\/pt-br\/wp-json\/wp\/v2\/pages\/36002\/revisions\/36139"}],"wp:attachment":[{"href":"https:\/\/www.animativa.com\/pt-br\/wp-json\/wp\/v2\/media?parent=36002"}],"curies":[{"name":"wp","href":"https:\/\/api.w.org\/{rel}","templated":true}]}}