{"id":556,"date":"2024-03-26T13:30:14","date_gmt":"2024-03-26T13:30:14","guid":{"rendered":"http:\/\/animativa.local\/?page_id=556"},"modified":"2025-04-03T10:06:48","modified_gmt":"2025-04-03T13:06:48","slug":"institucional","status":"publish","type":"page","link":"https:\/\/www.animativa.com\/pt-br\/institucional\/","title":{"rendered":"Institucional"},"content":{"rendered":"  \n  <section class=\"institutional-hero\">\n    <div class=\"grafismo\">\n      <img decoding=\"async\" loading=\"lazy\" src=\"https:\/\/www.animativa.com\/wp-content\/themes\/futurebrand\/img\/grafismos\/grafismo-inst-1.svg\" alt=\"\">\n    <\/div>\n\n    <div class=\"container\">\n      <div class=\"about-grid\">\n                  <div id=\"js-image\" class=\"image\">\n            <img decoding=\"async\" loading=\"lazy\" src=\"https:\/\/www.animativa.com\/wp-content\/uploads\/2024\/07\/animativa-vertical-vetor.svg\" alt=\"\">\n          <\/div>\n        \n        <div id=\"js-content\" class=\"content\" data-animation=\"fadeInRight\">\n          <span>Institucional<\/span>\n          <h1 aria-label=\"SD agora \u00e9 animativa\" data-text=\"SD agora \u00e9 animativa\" data-text-style=\"sd agOra \u00e9 animativa\">\n            <span class=\"lowercase\">Sd<\/span><span class=\"uppercase\"> <\/span><span class=\"lowercase\">ag<\/span><span class=\"uppercase\">o<\/span><span class=\"lowercase\">ra<\/span><span class=\"uppercase\"> \u00e9 <\/span><span class=\"lowercase\">animativa<\/span>          <\/h1>\n                      <p>Com sede em Catanduva, interior de S\u00e3o Paulo, nascemos em 1944, como Tipografia S\u00e3o Domingos, atuando na impress\u00e3o de jornais, impressos padronizados, livros e certid\u00f5es.<\/p>\n<p>Na d\u00e9cada de 50, expandimos para todo o Brasil e, a partir de 1985, come\u00e7amos a produzir cadernos e agendas escolares. O sucesso foi t\u00e3o grande que viramos destaque no segmento.<\/p>\n<p>Desde 2020, temos uma nova gest\u00e3o desenvolvendo as melhores pr\u00e1ticas de governan\u00e7a corporativa e investindo em processos cada vez mais \u00e1geis e inovadores.<\/p>\n<p>Agora, vamos muito al\u00e9m da papelaria. Do mercado da educa\u00e7\u00e3o e entretenimento ao corporativo, oferecemos produtos que despertam o potencial criativo de cada um para transformar sonhadores em realizadores. Para tirar o branco do papel. Para fazer acontecer.<\/p>\n<p>Acreditamos que crescer \u00e9 uma a\u00e7\u00e3o em espiral e somos fascinados por descobrir novas formas de pensar, fazer, criar e desenvolver. A gente quer \u00e9 animar o mundo. Criativar a vida.<\/p>\n<p>Aproveita para dar uma espiada nos nossos produtos!<\/p>\n                  <\/div>\n      <\/div>\n\n              <div class=\"institutional-hero__video video\">\n          <div class=\"video__thumbnail\">\n            <img decoding=\"async\" loading=\"lazy\" src=\"https:\/\/www.animativa.com\/wp-content\/uploads\/2024\/03\/imagem-10.png\" alt=\"\">\n            <button class=\"video__play\" data-video-url=\"https:\/\/www.youtube.com\/watch?v=rvM96mK1tE0\">\n              <img decoding=\"async\" loading=\"lazy\" src=\"https:\/\/www.animativa.com\/wp-content\/themes\/futurebrand\/img\/icons\/play.svg\" alt=\"\">\n            <\/button>\n          <\/div>\n\n          <iframe class=\"video__iframe\" width=\"560\" height=\"315\" data-src=\"https:\/\/www.youtube.com\/embed\/rvM96mK1tE0\" title=\"YouTube video player\" frameborder=\"0\" allow=\"accelerometer; autoplay; clipboard-write; encrypted-media; gyroscope; picture-in-picture; web-share\" referrerpolicy=\"strict-origin-when-cross-origin\" allowfullscreen><\/iframe>\n        <\/div>\n          <\/div>\n  <\/section>\n\n\n  \n  <section class=\"institutional-purpose\">\n    <div class=\"grafismo\">\n      <img decoding=\"async\" loading=\"lazy\" src=\"https:\/\/www.animativa.com\/wp-content\/themes\/futurebrand\/img\/grafismos\/grafismo-inst-2.svg\" alt=\"\">\n    <\/div>\n\n    <div class=\"container\">\n      <div class=\"content\">\n                  <h2 class=\"title\">Nosso prop\u00f3sito<\/h2>\n                          <h3 class=\"subtitle\">Despertar o potencial criativo de cada um para transformar sonhadores em realizadores.<\/h3>\n              <\/div>\n    <\/div>\n\n    <div class=\"container institutional-purpose__values\">\n      <div class=\"institutional-purpose__values__container\">\n        <h2 class=\"our-values-title\" data-text=\"Nossos valores\" data-text-style=\"nossOs vAlores\"><span class=\"lowercase\">Noss<\/span><span class=\"uppercase\">o<\/span><span class=\"lowercase\">s<\/span><span class=\"uppercase\"> <\/span><span class=\"lowercase\">v<\/span><span class=\"uppercase\">a<\/span><span class=\"lowercase\">lores<\/span><\/h2>\n\n        <div class=\"institutional-purpose-carousel\">\n                                  <article class=\"institutional-purpose-carousel__item\">\n              <p class=\"subtitle\">Acreditamos em&#8230;<\/p>\n              <h3 class=\"title\" data-title-text=\"Valorizar todos os talentos\" data-title-style=\"Valorizar tOdos oS talentos\">V<\/span><span class=\"lowercase\">alorizar<\/span><span class=\"uppercase\"> <\/span><span class=\"lowercase\">t<\/span><span class=\"uppercase\">o<\/span><span class=\"lowercase\">dos<\/span><span class=\"uppercase\"> <\/span><span class=\"lowercase\">o<\/span><span class=\"uppercase\">s <\/span><span class=\"lowercase\">talentos<\/span><\/h3>\n                              <div class=\"text\">\n                  <p>Acreditamos que todo mundo \u00e9 \u00fanico e tem um potencial a ser explorado. \u00c9 essa cren\u00e7a que nos motiva a ajudar as pessoas a se desenvolverem e a despertarem, ao m\u00e1ximo, seus potenciais.<\/p>\n<p>Por isso, valorizamos a diversidade dentro da nossa estrutura organizacional e tratamos cada colaborador, cliente e parceiro com carinho e aten\u00e7\u00e3o, entendendo que cada um tem um papel fundamental na cadeia de produ\u00e7\u00e3o.<\/p>\n                <\/div>\n                          <\/article>\n                                  <article class=\"institutional-purpose-carousel__item\">\n              <p class=\"subtitle\">Acreditamos em&#8230;<\/p>\n              <h3 class=\"title\" data-title-text=\"Viver criando\" data-title-style=\"Viver cRiandO\">V<\/span><span class=\"lowercase\">iver<\/span><span class=\"uppercase\"> <\/span><span class=\"lowercase\">c<\/span><span class=\"uppercase\">r<\/span><span class=\"lowercase\">iand<\/span><span class=\"uppercase\">o<\/span><\/h3>\n                              <div class=\"text\">\n                  <p>Em tudo o que fazemos, vemos uma possibilidade de pensar diferente e de inovar. Com tudo o que aprendemos, enxergamos novas ferramentas para criar.<\/p>\n<p>Quando desenhamos ou escrevemos, tiramos as ideias da cabe\u00e7a e as trazemos para a realidade. Ao interagirmos com algu\u00e9m, somos capazes de despertar sentimentos. O criar acontece a todo o momento e somos agentes ativos (e entusiasmados!) desse fen\u00f4meno.<\/p>\n                <\/div>\n                          <\/article>\n                                  <article class=\"institutional-purpose-carousel__item\">\n              <p class=\"subtitle\">Acreditamos em&#8230;<\/p>\n              <h3 class=\"title\" data-title-text=\"Buscar novas perspectivas\" data-title-style=\"buScAr novas perspectivas\"><span class=\"lowercase\">Bu<\/span><span class=\"uppercase\">s<\/span><span class=\"lowercase\">c<\/span><span class=\"uppercase\">a<\/span><span class=\"lowercase\">r<\/span><span class=\"uppercase\"> <\/span><span class=\"lowercase\">novas<\/span><span class=\"uppercase\"> <\/span><span class=\"lowercase\">perspectivas<\/span><\/h3>\n                              <div class=\"text\">\n                  <p>Acreditamos que existem m\u00faltiplas formas de se chegar a um resultado e encorajamos nossos clientes, parceiros e colaboradores a olhar por outros \u00e2ngulos e explorar diferentes caminhos. Nada \u00e9 fixo, tudo \u00e9 mut\u00e1vel, e acompanhamos essa mudan\u00e7a.<br \/>\n\u00c9 esse valor que nos ajuda a estar sempre conectados \u00e0s transforma\u00e7\u00f5es do mundo, agindo com agilidade e inova\u00e7\u00e3o em todo momento.<\/p>\n                <\/div>\n                          <\/article>\n                                  <article class=\"institutional-purpose-carousel__item\">\n              <p class=\"subtitle\">Acreditamos em&#8230;<\/p>\n              <h3 class=\"title\" data-title-text=\"Envolver para desenvolver\" data-title-style=\"eNvolver para desenvolver\"><span class=\"lowercase\">E<\/span><span class=\"uppercase\">n<\/span><span class=\"lowercase\">volver<\/span><span class=\"uppercase\"> <\/span><span class=\"lowercase\">para<\/span><span class=\"uppercase\"> <\/span><span class=\"lowercase\">desenvolver<\/span><\/h3>\n                              <div class=\"text\">\n                  <p>Crescer e evoluir pode ser desafiador.<br \/>\nMas quando estamos envolvidos em algo, por mais dif\u00edcil que seja, \u00e9 como se nem<br \/>\nv\u00edssemos o tempo passar. Acreditamos que a paix\u00e3o e o interesse s\u00e3o o primeiro passo<br \/>\npara se destravar o potencial humano com leveza e criatividade.<\/p>\n<p>Nosso envolvimento tamb\u00e9m \u00e9 evidente na forma como atendemos nossos clientes, com o m\u00e1ximo de educa\u00e7\u00e3o e comprometimento \u2013 afinal, amamos atend\u00ea-los!<\/p>\n                <\/div>\n                          <\/article>\n                                  <article class=\"institutional-purpose-carousel__item\">\n              <p class=\"subtitle\">Acreditamos em&#8230;<\/p>\n              <h3 class=\"title\" data-title-text=\"Agir com transpar\u00eancia\" data-title-style=\"aGir com transpar\u00eancia\"><span class=\"lowercase\">A<\/span><span class=\"uppercase\">g<\/span><span class=\"lowercase\">ir<\/span><span class=\"uppercase\"> <\/span><span class=\"lowercase\">com<\/span><span class=\"uppercase\"> <\/span><span class=\"lowercase\">transpar\u00eancia<\/span><\/h3>\n                              <div class=\"text\">\n                  <p>Para criar, n\u00e3o podemos ter medo de falar, testar, arriscar. Temos que ser transparentes com nossas ideias para que elas ganhem vida e sejam melhoradas por todos. Por isso, agimos de forma clara e \u00e9tica em nossas rela\u00e7\u00f5es internas, com clientes, parceiros e com a sociedade. \u00c9 esse valor que inspira a comunica\u00e7\u00e3o eficiente dentro da empresa, bem como a integridade profissional e nossas a\u00e7\u00f5es ESG.<\/p>\n                <\/div>\n                          <\/article>\n                                  <article class=\"institutional-purpose-carousel__item\">\n              <p class=\"subtitle\">Acreditamos que&#8230;<\/p>\n              <h3 class=\"title\" data-title-text=\"Nenhum de n\u00f3s \u00e9 melhor que todos n\u00f3s juntos\" data-title-style=\"nEnhum de n\u00f3s \u00e9 melhOr que todos n\u00f3s juntoS\"><span class=\"lowercase\">N<\/span><span class=\"uppercase\">e<\/span><span class=\"lowercase\">nhum<\/span><span class=\"uppercase\"> <\/span><span class=\"lowercase\">de<\/span><span class=\"uppercase\"> <\/span><span class=\"lowercase\">n\u00f3s<\/span><span class=\"uppercase\"> \u00e9 <\/span><span class=\"lowercase\">melh<\/span><span class=\"uppercase\">o<\/span><span class=\"lowercase\">r<\/span><span class=\"uppercase\"> <\/span><span class=\"lowercase\">que<\/span><span class=\"uppercase\"> <\/span><span class=\"lowercase\">todos<\/span><span class=\"uppercase\"> <\/span><span class=\"lowercase\">n\u00f3s<\/span><span class=\"uppercase\"> <\/span><span class=\"lowercase\">junto<\/span><span class=\"uppercase\">s<\/span><\/h3>\n                              <div class=\"text\">\n                  <p>Desenvolver-se e progredir pode apresentar desafios. Contudo, quando nos dedicamos a uma causa conjunta, a sensa\u00e7\u00e3o de tempo e dificuldade se evapora. Acreditamos que cultivar a paix\u00e3o e o interesse em comum \u00e9 fundamental para desbloquear nosso potencial humano de maneira leve e criativa!<\/p>\n                <\/div>\n                          <\/article>\n                  <\/div>\n      <\/div>\n\n    <\/div>\n  <\/section>\n\n\n    <section class=\"institutional-bignumbers\">\n    <div class=\"grafismo\">\n      <img decoding=\"async\" loading=\"lazy\" src=\"https:\/\/www.animativa.com\/wp-content\/themes\/futurebrand\/img\/grafismos\/grafismo-inst-3.svg\" alt=\"\">\n    <\/div>\n\n    <div class=\"container\">\n      <div class=\"row\">\n        <div class=\"col-12\">\n          <h2 class=\"title\" data-text=\"Animativa em n\u00fameros\" data-text-style=\"animativa em n\u00fameros\">\n            <span class=\"lowercase\">Animativa<\/span><span class=\"uppercase\"> <\/span><span class=\"lowercase\">em<\/span><span class=\"uppercase\"> <\/span><span class=\"lowercase\">n\u00fameros<\/span>          <\/h2>\n\n          <div class=\"boxes\">\n                                        <div class=\"boxes__item\">\n                                  <img decoding=\"async\" loading=\"lazy\" class=\"boxes__item--icon\" src=\"https:\/\/www.animativa.com\/wp-content\/uploads\/2024\/03\/users.png\">\n                \n                <div class=\"boxes__item--info\">\n                  <p class=\"boxes__item--number\">+400<\/p>\n                  <div class=\"boxes__item--description\"><p>colaboradores diretos<\/p>\n<\/div>\n                <\/div>\n              <\/div>\n                                        <div class=\"boxes__item\">\n                                  <img decoding=\"async\" loading=\"lazy\" class=\"boxes__item--icon\" src=\"https:\/\/www.animativa.com\/wp-content\/uploads\/2024\/03\/briefcase.png\">\n                \n                <div class=\"boxes__item--info\">\n                  <p class=\"boxes__item--number\">+7mil<\/p>\n                  <div class=\"boxes__item--description\"><p>clientes ativos (b2b)<\/p>\n<\/div>\n                <\/div>\n              <\/div>\n                                        <div class=\"boxes__item\">\n                                  <img decoding=\"async\" loading=\"lazy\" class=\"boxes__item--icon\" src=\"https:\/\/www.animativa.com\/wp-content\/uploads\/2024\/03\/contacts.png\">\n                \n                <div class=\"boxes__item--info\">\n                  <p class=\"boxes__item--number\">14.500<\/p>\n                  <div class=\"boxes__item--description\"><p>toneladas\/ano de capacidade instalada<\/p>\n<\/div>\n                <\/div>\n              <\/div>\n                                        <div class=\"boxes__item\">\n                                  <img decoding=\"async\" loading=\"lazy\" class=\"boxes__item--icon\" src=\"https:\/\/www.animativa.com\/wp-content\/uploads\/2024\/03\/box.png\">\n                \n                <div class=\"boxes__item--info\">\n                  <p class=\"boxes__item--number\">18mil m\u00b2<\/p>\n                  <div class=\"boxes__item--description\"><p>produ\u00e7\u00e3o\/armazenagem<\/p>\n<\/div>\n                <\/div>\n              <\/div>\n                                        <div class=\"boxes__item\">\n                                  <img decoding=\"async\" loading=\"lazy\" class=\"boxes__item--icon\" src=\"https:\/\/www.animativa.com\/wp-content\/uploads\/2024\/03\/globe.png\">\n                \n                <div class=\"boxes__item--info\">\n                  <p class=\"boxes__item--number\">+ de 9 pa\u00edses<\/p>\n                  <div class=\"boxes__item--description\"><p>Exportamos para Estados Unidos, Costa Rica, Paraguai, Uruguai, entre outros.<\/p>\n<\/div>\n                <\/div>\n              <\/div>\n                      <\/div>\n        <\/div>\n      <\/div>\n\n    <\/div>\n  <\/section>\n\n\n    <section class=\"institutional-timeline\">\n    <div class=\"container\">\n      <div class=\"row\">\n        <div class=\"institutional-timeline__header col-12\">\n          <h2 class=\"title\" data-text=\"Nossa hist\u00f3ria\" data-text-style=\"nOssa hiSt\u00f3ria\">\n            <span class=\"lowercase\">N<\/span><span class=\"uppercase\">o<\/span><span class=\"lowercase\">ssa<\/span><span class=\"uppercase\"> <\/span><span class=\"lowercase\">hi<\/span><span class=\"uppercase\">s<\/span><span class=\"lowercase\">t\u00f3ria<\/span>          <\/h2>\n\n                      <div class=\"text\">\n              <p>A gente acredita que crescer \u00e9 uma a\u00e7\u00e3o em espiral e os nossos 80 anos de hist\u00f3ria s\u00e3o prova disso. Vem ver onde tudo come\u00e7ou:<\/p>\n            <\/div>\n                  <\/div>\n      <\/div>\n\n              <div class=\"institutional-timeline__video video\">\n          <div class=\"video__thumbnail\">\n            <img decoding=\"async\" loading=\"lazy\" src=\"https:\/\/www.animativa.com\/wp-content\/uploads\/2024\/08\/animativa-historia-thumbnail.jpg\" alt=\"\">\n            <button class=\"video__play\" data-video-url=\"https:\/\/www.youtube.com\/watch?v=n7hzjRteb3I\">\n              <img decoding=\"async\" loading=\"lazy\" src=\"https:\/\/www.animativa.com\/wp-content\/themes\/futurebrand\/img\/icons\/play.svg\" alt=\"\">\n            <\/button>\n          <\/div>\n          <iframe class=\"video__iframe\" width=\"560\" height=\"315\" data-src=\"https:\/\/www.youtube.com\/embed\/n7hzjRteb3I\" title=\"YouTube video player\" frameborder=\"0\" allow=\"accelerometer; autoplay; clipboard-write; encrypted-media; gyroscope; picture-in-picture; web-share\" referrerpolicy=\"strict-origin-when-cross-origin\" allowfullscreen><\/iframe>\n        <\/div>\n      \n      <span class=\"arrows\">\n        <img loading=\"lazy\" decoding=\"async\" loading=\"lazy\" src=\"https:\/\/www.animativa.com\/wp-content\/themes\/futurebrand\/img\/icons\/arrow-left.png\" alt=\"arrow-left\" width=\"25\" height=\"24\">\n        Arraste para o lado e navegue entre os anos\n        <img loading=\"lazy\" decoding=\"async\" loading=\"lazy\" src=\"https:\/\/www.animativa.com\/wp-content\/themes\/futurebrand\/img\/icons\/arrow-right.png\" alt=\"arrow-right\" width=\"25\" height=\"24\">\n      <\/span>\n    <\/div>\n\n    <div class=\"timeline\">\n              <div class=\"timeline__item\">\n          <span class=\"date\">1944<\/span>\n                      <div class=\"description\">\n              <p>Nossa hist\u00f3ria teve in\u00edcio em Itajobi, interior de S\u00e3o Paulo, quando os irm\u00e3os Jos\u00e9, Ant\u00f4nio, Pedro e Otac\u00edlio Boso adquiriram o jornal local com distribui\u00e7\u00e3o regional e ampliaram o setor gr\u00e1fico para a produ\u00e7\u00e3o de impressos padronizados, livros e certid\u00f5es para cart\u00f3rios, par\u00f3quias e prefeituras.<\/p>\n            <\/div>\n                    <div class=\"image\" style=\"background-color: #692ae0 ;background-image: url()\"><\/div>\n        <\/div>\n              <div class=\"timeline__item\">\n          <span class=\"date\">1952<\/span>\n                      <div class=\"description\">\n              <p>A empresa se mudou para Catanduva\/SP e expandiu o neg\u00f3cio para todo territ\u00f3rio nacional.<\/p>\n            <\/div>\n                    <div class=\"image\" style=\"background-color: #692ae0 ;background-image: url()\"><\/div>\n        <\/div>\n              <div class=\"timeline__item\">\n          <span class=\"date\">1970<\/span>\n                      <div class=\"description\">\n              <p>Tipografia S\u00e3o Domingos na Rua Minas Gerais em Catanduva.<\/p>\n            <\/div>\n                    <div class=\"image\" style=\"background-color: #692ae0 ;background-image: url(https:\/\/www.animativa.com\/wp-content\/uploads\/2024\/03\/1970.png)\"><\/div>\n        <\/div>\n              <div class=\"timeline__item\">\n          <span class=\"date\">1980<\/span>\n                      <div class=\"description\">\n              <p>Fundadores da S\u00e3o Domingos S\/A Ind\u00fastria Gr\u00e1fica.<\/p>\n            <\/div>\n                    <div class=\"image\" style=\"background-color: #692ae0 ;background-image: url(https:\/\/www.animativa.com\/wp-content\/uploads\/2024\/03\/1980.png)\"><\/div>\n        <\/div>\n              <div class=\"timeline__item\">\n          <span class=\"date\">1985<\/span>\n                      <div class=\"description\">\n              <p>Tipografia j\u00e1 estabelecida no Distrito Industrial em Catanduva. Inicio da produ\u00e7\u00e3o de cadernos e agendas para o setor escolar, dando in\u00edcio a uma nova fase e ganhando espa\u00e7o neste segmento de mercado.<\/p>\n            <\/div>\n                    <div class=\"image\" style=\"background-color: #692ae0 ;background-image: url(https:\/\/www.animativa.com\/wp-content\/uploads\/2024\/03\/1985.png)\"><\/div>\n        <\/div>\n              <div class=\"timeline__item\">\n          <span class=\"date\">1995<\/span>\n                      <div class=\"description\">\n              <p>Aquisi\u00e7\u00e3o da Bielo Autom\u00e1tica para a empresa, no final deste ano.<\/p>\n            <\/div>\n                    <div class=\"image\" style=\"background-color: #692ae0 ;background-image: url(https:\/\/www.animativa.com\/wp-content\/uploads\/2024\/03\/1995.png)\"><\/div>\n        <\/div>\n              <div class=\"timeline__item\">\n          <span class=\"date\">2020<\/span>\n                      <div class=\"description\">\n              <p>S\u00e3o Domingos se torna SD Inova\u00e7\u00f5es Gr\u00e1ficas.<\/p>\n            <\/div>\n                    <div class=\"image\" style=\"background-color: #692ae0 ;background-image: url()\"><\/div>\n        <\/div>\n              <div class=\"timeline__item\">\n          <span class=\"date\">2023<\/span>\n                      <div class=\"description\">\n              <p>SD Inova\u00e7\u00f5es Gr\u00e1ficas agora \u00e9 Animativa, uma marca que potencializa o potencial criativo das pessoas.<\/p>\n            <\/div>\n                    <div class=\"image\" style=\"background-color: #b53ce1 ;background-image: url()\"><\/div>\n        <\/div>\n          <\/div>\n  <\/section>\n","protected":false},"excerpt":{"rendered":"","protected":false},"author":1,"featured_media":0,"parent":0,"menu_order":0,"comment_status":"closed","ping_status":"closed","template":"templates\/blocks.php","meta":{"_acf_changed":false,"content-type":"","footnotes":""},"class_list":["post-556","page","type-page","status-publish","hentry"],"acf":[],"_links":{"self":[{"href":"https:\/\/www.animativa.com\/pt-br\/wp-json\/wp\/v2\/pages\/556","targetHints":{"allow":["GET"]}}],"collection":[{"href":"https:\/\/www.animativa.com\/pt-br\/wp-json\/wp\/v2\/pages"}],"about":[{"href":"https:\/\/www.animativa.com\/pt-br\/wp-json\/wp\/v2\/types\/page"}],"author":[{"embeddable":true,"href":"https:\/\/www.animativa.com\/pt-br\/wp-json\/wp\/v2\/users\/1"}],"replies":[{"embeddable":true,"href":"https:\/\/www.animativa.com\/pt-br\/wp-json\/wp\/v2\/comments?post=556"}],"version-history":[{"count":56,"href":"https:\/\/www.animativa.com\/pt-br\/wp-json\/wp\/v2\/pages\/556\/revisions"}],"predecessor-version":[{"id":36144,"href":"https:\/\/www.animativa.com\/pt-br\/wp-json\/wp\/v2\/pages\/556\/revisions\/36144"}],"wp:attachment":[{"href":"https:\/\/www.animativa.com\/pt-br\/wp-json\/wp\/v2\/media?parent=556"}],"curies":[{"name":"wp","href":"https:\/\/api.w.org\/{rel}","templated":true}]}}